{"id":823,"date":"2018-07-02T15:58:36","date_gmt":"2018-07-02T12:58:36","guid":{"rendered":"http:\/\/herdeks.com.tr\/magaza\/?post_type=product&#038;p=823"},"modified":"2025-06-26T22:42:18","modified_gmt":"2025-06-26T19:42:18","slug":"gidi-toparliyici-bant","status":"publish","type":"product","link":"http:\/\/herdeks.com.tr\/magaza\/urun\/gidi-toparliyici-bant\/","title":{"rendered":"G\u0131d\u0131 Toparl\u0131y\u0131c\u0131 Bant"},"content":{"rendered":"<p>Kuma\u015f \u00f6zelli\u011fi; iki y\u00fczeyinde bej renkte (ten rengi) jarse bulunan esnek yap\u0131daki neoplenden imal edilmektedir.<\/p>\n<p>G\u0131d\u0131 b\u00f6lgesini toplayan yer \u00e7ekiminden korumaya yard\u0131mc\u0131 olan bantt\u0131r.<\/p>\n<p>Ki\u015fi gereken s\u0131k\u0131l\u0131\u011f\u0131 (bas\u0131nc\u0131) ayarlamakta sorun ya\u015famaz.<\/p>\n<p>\u00d6zel dizayn\u0131 ile uyguland\u0131\u011f\u0131 b\u00f6lgede kayma olmaz \u00e7\u00fcnk\u00fc uzun kol ba\u015fta iki par\u00e7aya ayr\u0131l\u0131r buda ki\u015fiye rahatl\u0131k saglar.<\/p>\n<p>\u00dczerinde bulunan velcrolar sayesinde istenildi\u011fi zaman \u00e7\u0131kart\u0131l\u0131p, istenildi\u011fi zaman tak\u0131labilir. B\u00f6ylece uzun s\u00fcreli kullan\u0131ma imkan verir.<\/p>\n","protected":false},"excerpt":{"rendered":"<p><strong>NASIL KULLANILIR?<\/strong> Diki\u015fli bombeli k\u0131s\u0131m \u00e7enenin u\u00e7 k\u0131sm\u0131n\u0131n ortas\u0131na konarak geni\u015f oval k\u0131s\u0131m boyun alt\u0131na yerle\u015ftirilir k\u0131sa kol boynun alt\u0131ndan ge\u00e7irilirek yanakta tutulur ve uzun kol kafa \u00fczerinden doland\u0131r\u0131l\u0131rken ikiye ay\u0131r\u0131p a\u015fag\u0131dan gelen k\u0131sa kolla uzun kol vekralar\u0131 \u00fcst \u00fcste konularak \u00fczerine s\u0131k\u0131ca bast\u0131r\u0131larak birle\u015ftirilir. B\u00f6lgeninterlemesi durumunda pamuklu bez veya selpak konabilir. Normal kafa b\u00fcy\u00fckl\u00fc\u011f\u00fcne g\u00f6re \u00fcretilmi\u015ftir. Kirlendi\u011finde \u015fampuanla y\u0131kanabilir. Ambalaj:\u00a0\u015eeffaf kilitli po\u015fette: 19cm x 36cm <strong>B\u0130LG\u0130 NOTU : <\/strong> <strong>G\u0131d\u0131 Toparl\u0131y\u0131c\u0131 Bant \u00fcr\u00fcn\u00fcm\u00fcz, ayn\u0131 zamanda burundan nefes alma sorunu olmayan hastalarda HORLAMA \u00d6NLEY\u0130C\u0130 olarakta kullan\u0131labilmektedir.<\/strong><\/p>\n","protected":false},"featured_media":1076,"comment_status":"open","ping_status":"closed","template":"","meta":[],"class_list":["post-823","product","type-product","status-publish","has-post-thumbnail","hentry","product_cat-saglikli-yasam-urunleri"],"yoast_head":"<!-- This site is optimized with the Yoast SEO plugin v25.3.1 - https:\/\/yoast.com\/wordpress\/plugins\/seo\/ -->\n<title>G\u0131d\u0131 Toparl\u0131y\u0131c\u0131 Bant - Herdeks Magaza<\/title>\n<meta name=\"robots\" content=\"index, follow, max-snippet:-1, max-image-preview:large, max-video-preview:-1\" \/>\n<link rel=\"canonical\" href=\"https:\/\/herdeks.com.tr\/magaza\/urun\/gidi-toparliyici-bant\/\" \/>\n<meta property=\"og:locale\" content=\"tr_TR\" \/>\n<meta property=\"og:type\" content=\"article\" \/>\n<meta property=\"og:title\" content=\"G\u0131d\u0131 Toparl\u0131y\u0131c\u0131 Bant - Herdeks Magaza\" \/>\n<meta property=\"og:description\" content=\"NASIL KULLANILIR? Diki\u015fli bombeli k\u0131s\u0131m \u00e7enenin u\u00e7 k\u0131sm\u0131n\u0131n ortas\u0131na konarak geni\u015f oval k\u0131s\u0131m boyun alt\u0131na yerle\u015ftirilir k\u0131sa kol boynun alt\u0131ndan ge\u00e7irilirek yanakta tutulur ve uzun kol kafa \u00fczerinden doland\u0131r\u0131l\u0131rken ikiye ay\u0131r\u0131p a\u015fag\u0131dan gelen k\u0131sa kolla uzun kol vekralar\u0131 \u00fcst \u00fcste konularak \u00fczerine s\u0131k\u0131ca bast\u0131r\u0131larak birle\u015ftirilir. B\u00f6lgeninterlemesi durumunda pamuklu bez veya selpak konabilir. Normal kafa b\u00fcy\u00fckl\u00fc\u011f\u00fcne g\u00f6re \u00fcretilmi\u015ftir. Kirlendi\u011finde \u015fampuanla y\u0131kanabilir. Ambalaj:\u00a0\u015eeffaf kilitli po\u015fette: 19cm x 36cm B\u0130LG\u0130 NOTU : G\u0131d\u0131 Toparl\u0131y\u0131c\u0131 Bant \u00fcr\u00fcn\u00fcm\u00fcz, ayn\u0131 zamanda burundan nefes alma sorunu olmayan hastalarda HORLAMA \u00d6NLEY\u0130C\u0130 olarakta kullan\u0131labilmektedir.\" \/>\n<meta property=\"og:url\" content=\"https:\/\/herdeks.com.tr\/magaza\/urun\/gidi-toparliyici-bant\/\" \/>\n<meta property=\"og:site_name\" content=\"Herdeks Magaza\" \/>\n<meta property=\"article:modified_time\" content=\"2025-06-26T19:42:18+00:00\" \/>\n<meta property=\"og:image\" content=\"https:\/\/herdeks.com.tr\/magaza\/wp-content\/uploads\/2018\/07\/Herdeks-Kutu-\u00f6n-01-640x1024.jpg\" \/>\n\t<meta property=\"og:image:width\" content=\"640\" \/>\n\t<meta property=\"og:image:height\" content=\"1024\" \/>\n\t<meta property=\"og:image:type\" content=\"image\/jpeg\" \/>\n<meta name=\"twitter:card\" content=\"summary_large_image\" \/>\n<script type=\"application\/ld+json\" class=\"yoast-schema-graph\">{\"@context\":\"https:\/\/schema.org\",\"@graph\":[{\"@type\":\"WebPage\",\"@id\":\"https:\/\/herdeks.com.tr\/magaza\/urun\/gidi-toparliyici-bant\/\",\"url\":\"https:\/\/herdeks.com.tr\/magaza\/urun\/gidi-toparliyici-bant\/\",\"name\":\"G\u0131d\u0131 Toparl\u0131y\u0131c\u0131 Bant - Herdeks Magaza\",\"isPartOf\":{\"@id\":\"http:\/\/herdeks.com.tr\/magaza\/#website\"},\"primaryImageOfPage\":{\"@id\":\"https:\/\/herdeks.com.tr\/magaza\/urun\/gidi-toparliyici-bant\/#primaryimage\"},\"image\":{\"@id\":\"https:\/\/herdeks.com.tr\/magaza\/urun\/gidi-toparliyici-bant\/#primaryimage\"},\"thumbnailUrl\":\"http:\/\/herdeks.com.tr\/magaza\/wp-content\/uploads\/2018\/07\/Herdeks-Kutu-\u00f6n-01.jpg\",\"datePublished\":\"2018-07-02T12:58:36+00:00\",\"dateModified\":\"2025-06-26T19:42:18+00:00\",\"breadcrumb\":{\"@id\":\"https:\/\/herdeks.com.tr\/magaza\/urun\/gidi-toparliyici-bant\/#breadcrumb\"},\"inLanguage\":\"tr\",\"potentialAction\":[{\"@type\":\"ReadAction\",\"target\":[\"https:\/\/herdeks.com.tr\/magaza\/urun\/gidi-toparliyici-bant\/\"]}]},{\"@type\":\"ImageObject\",\"inLanguage\":\"tr\",\"@id\":\"https:\/\/herdeks.com.tr\/magaza\/urun\/gidi-toparliyici-bant\/#primaryimage\",\"url\":\"http:\/\/herdeks.com.tr\/magaza\/wp-content\/uploads\/2018\/07\/Herdeks-Kutu-\u00f6n-01.jpg\",\"contentUrl\":\"http:\/\/herdeks.com.tr\/magaza\/wp-content\/uploads\/2018\/07\/Herdeks-Kutu-\u00f6n-01.jpg\",\"width\":1181,\"height\":1890},{\"@type\":\"BreadcrumbList\",\"@id\":\"https:\/\/herdeks.com.tr\/magaza\/urun\/gidi-toparliyici-bant\/#breadcrumb\",\"itemListElement\":[{\"@type\":\"ListItem\",\"position\":1,\"name\":\"Ana sayfa\",\"item\":\"http:\/\/herdeks.com.tr\/magaza\/\"},{\"@type\":\"ListItem\",\"position\":2,\"name\":\"Ma\u011faza\",\"item\":\"http:\/\/herdeks.com.tr\/magaza\/\"},{\"@type\":\"ListItem\",\"position\":3,\"name\":\"G\u0131d\u0131 Toparl\u0131y\u0131c\u0131 Bant\"}]},{\"@type\":\"WebSite\",\"@id\":\"http:\/\/herdeks.com.tr\/magaza\/#website\",\"url\":\"http:\/\/herdeks.com.tr\/magaza\/\",\"name\":\"Herdeks Magaza\",\"description\":\"Sa\u011fl\u0131kl\u0131 Ya\u015fam \u00dcr\u00fcnleri\",\"publisher\":{\"@id\":\"http:\/\/herdeks.com.tr\/magaza\/#organization\"},\"potentialAction\":[{\"@type\":\"SearchAction\",\"target\":{\"@type\":\"EntryPoint\",\"urlTemplate\":\"http:\/\/herdeks.com.tr\/magaza\/?s={search_term_string}\"},\"query-input\":{\"@type\":\"PropertyValueSpecification\",\"valueRequired\":true,\"valueName\":\"search_term_string\"}}],\"inLanguage\":\"tr\"},{\"@type\":\"Organization\",\"@id\":\"http:\/\/herdeks.com.tr\/magaza\/#organization\",\"name\":\"Herdeks Magaza\",\"url\":\"http:\/\/herdeks.com.tr\/magaza\/\",\"logo\":{\"@type\":\"ImageObject\",\"inLanguage\":\"tr\",\"@id\":\"http:\/\/herdeks.com.tr\/magaza\/#\/schema\/logo\/image\/\",\"url\":\"http:\/\/herdeks.com.tr\/magaza\/wp-content\/uploads\/2017\/05\/Herdeks-Logo-2.png\",\"contentUrl\":\"http:\/\/herdeks.com.tr\/magaza\/wp-content\/uploads\/2017\/05\/Herdeks-Logo-2.png\",\"width\":270,\"height\":72,\"caption\":\"Herdeks Magaza\"},\"image\":{\"@id\":\"http:\/\/herdeks.com.tr\/magaza\/#\/schema\/logo\/image\/\"}}]}<\/script>\n<!-- \/ Yoast SEO plugin. -->","yoast_head_json":{"title":"G\u0131d\u0131 Toparl\u0131y\u0131c\u0131 Bant - Herdeks Magaza","robots":{"index":"index","follow":"follow","max-snippet":"max-snippet:-1","max-image-preview":"max-image-preview:large","max-video-preview":"max-video-preview:-1"},"canonical":"https:\/\/herdeks.com.tr\/magaza\/urun\/gidi-toparliyici-bant\/","og_locale":"tr_TR","og_type":"article","og_title":"G\u0131d\u0131 Toparl\u0131y\u0131c\u0131 Bant - Herdeks Magaza","og_description":"NASIL KULLANILIR? Diki\u015fli bombeli k\u0131s\u0131m \u00e7enenin u\u00e7 k\u0131sm\u0131n\u0131n ortas\u0131na konarak geni\u015f oval k\u0131s\u0131m boyun alt\u0131na yerle\u015ftirilir k\u0131sa kol boynun alt\u0131ndan ge\u00e7irilirek yanakta tutulur ve uzun kol kafa \u00fczerinden doland\u0131r\u0131l\u0131rken ikiye ay\u0131r\u0131p a\u015fag\u0131dan gelen k\u0131sa kolla uzun kol vekralar\u0131 \u00fcst \u00fcste konularak \u00fczerine s\u0131k\u0131ca bast\u0131r\u0131larak birle\u015ftirilir. B\u00f6lgeninterlemesi durumunda pamuklu bez veya selpak konabilir. Normal kafa b\u00fcy\u00fckl\u00fc\u011f\u00fcne g\u00f6re \u00fcretilmi\u015ftir. Kirlendi\u011finde \u015fampuanla y\u0131kanabilir. Ambalaj:\u00a0\u015eeffaf kilitli po\u015fette: 19cm x 36cm B\u0130LG\u0130 NOTU : G\u0131d\u0131 Toparl\u0131y\u0131c\u0131 Bant \u00fcr\u00fcn\u00fcm\u00fcz, ayn\u0131 zamanda burundan nefes alma sorunu olmayan hastalarda HORLAMA \u00d6NLEY\u0130C\u0130 olarakta kullan\u0131labilmektedir.","og_url":"https:\/\/herdeks.com.tr\/magaza\/urun\/gidi-toparliyici-bant\/","og_site_name":"Herdeks Magaza","article_modified_time":"2025-06-26T19:42:18+00:00","og_image":[{"width":640,"height":1024,"url":"https:\/\/herdeks.com.tr\/magaza\/wp-content\/uploads\/2018\/07\/Herdeks-Kutu-\u00f6n-01-640x1024.jpg","type":"image\/jpeg"}],"twitter_card":"summary_large_image","schema":{"@context":"https:\/\/schema.org","@graph":[{"@type":"WebPage","@id":"https:\/\/herdeks.com.tr\/magaza\/urun\/gidi-toparliyici-bant\/","url":"https:\/\/herdeks.com.tr\/magaza\/urun\/gidi-toparliyici-bant\/","name":"G\u0131d\u0131 Toparl\u0131y\u0131c\u0131 Bant - Herdeks Magaza","isPartOf":{"@id":"http:\/\/herdeks.com.tr\/magaza\/#website"},"primaryImageOfPage":{"@id":"https:\/\/herdeks.com.tr\/magaza\/urun\/gidi-toparliyici-bant\/#primaryimage"},"image":{"@id":"https:\/\/herdeks.com.tr\/magaza\/urun\/gidi-toparliyici-bant\/#primaryimage"},"thumbnailUrl":"http:\/\/herdeks.com.tr\/magaza\/wp-content\/uploads\/2018\/07\/Herdeks-Kutu-\u00f6n-01.jpg","datePublished":"2018-07-02T12:58:36+00:00","dateModified":"2025-06-26T19:42:18+00:00","breadcrumb":{"@id":"https:\/\/herdeks.com.tr\/magaza\/urun\/gidi-toparliyici-bant\/#breadcrumb"},"inLanguage":"tr","potentialAction":[{"@type":"ReadAction","target":["https:\/\/herdeks.com.tr\/magaza\/urun\/gidi-toparliyici-bant\/"]}]},{"@type":"ImageObject","inLanguage":"tr","@id":"https:\/\/herdeks.com.tr\/magaza\/urun\/gidi-toparliyici-bant\/#primaryimage","url":"http:\/\/herdeks.com.tr\/magaza\/wp-content\/uploads\/2018\/07\/Herdeks-Kutu-\u00f6n-01.jpg","contentUrl":"http:\/\/herdeks.com.tr\/magaza\/wp-content\/uploads\/2018\/07\/Herdeks-Kutu-\u00f6n-01.jpg","width":1181,"height":1890},{"@type":"BreadcrumbList","@id":"https:\/\/herdeks.com.tr\/magaza\/urun\/gidi-toparliyici-bant\/#breadcrumb","itemListElement":[{"@type":"ListItem","position":1,"name":"Ana sayfa","item":"http:\/\/herdeks.com.tr\/magaza\/"},{"@type":"ListItem","position":2,"name":"Ma\u011faza","item":"http:\/\/herdeks.com.tr\/magaza\/"},{"@type":"ListItem","position":3,"name":"G\u0131d\u0131 Toparl\u0131y\u0131c\u0131 Bant"}]},{"@type":"WebSite","@id":"http:\/\/herdeks.com.tr\/magaza\/#website","url":"http:\/\/herdeks.com.tr\/magaza\/","name":"Herdeks Magaza","description":"Sa\u011fl\u0131kl\u0131 Ya\u015fam \u00dcr\u00fcnleri","publisher":{"@id":"http:\/\/herdeks.com.tr\/magaza\/#organization"},"potentialAction":[{"@type":"SearchAction","target":{"@type":"EntryPoint","urlTemplate":"http:\/\/herdeks.com.tr\/magaza\/?s={search_term_string}"},"query-input":{"@type":"PropertyValueSpecification","valueRequired":true,"valueName":"search_term_string"}}],"inLanguage":"tr"},{"@type":"Organization","@id":"http:\/\/herdeks.com.tr\/magaza\/#organization","name":"Herdeks Magaza","url":"http:\/\/herdeks.com.tr\/magaza\/","logo":{"@type":"ImageObject","inLanguage":"tr","@id":"http:\/\/herdeks.com.tr\/magaza\/#\/schema\/logo\/image\/","url":"http:\/\/herdeks.com.tr\/magaza\/wp-content\/uploads\/2017\/05\/Herdeks-Logo-2.png","contentUrl":"http:\/\/herdeks.com.tr\/magaza\/wp-content\/uploads\/2017\/05\/Herdeks-Logo-2.png","width":270,"height":72,"caption":"Herdeks Magaza"},"image":{"@id":"http:\/\/herdeks.com.tr\/magaza\/#\/schema\/logo\/image\/"}}]}},"_links":{"self":[{"href":"http:\/\/herdeks.com.tr\/magaza\/wp-json\/wp\/v2\/product\/823","targetHints":{"allow":["GET"]}}],"collection":[{"href":"http:\/\/herdeks.com.tr\/magaza\/wp-json\/wp\/v2\/product"}],"about":[{"href":"http:\/\/herdeks.com.tr\/magaza\/wp-json\/wp\/v2\/types\/product"}],"replies":[{"embeddable":true,"href":"http:\/\/herdeks.com.tr\/magaza\/wp-json\/wp\/v2\/comments?post=823"}],"wp:featuredmedia":[{"embeddable":true,"href":"http:\/\/herdeks.com.tr\/magaza\/wp-json\/wp\/v2\/media\/1076"}],"wp:attachment":[{"href":"http:\/\/herdeks.com.tr\/magaza\/wp-json\/wp\/v2\/media?parent=823"}],"curies":[{"name":"wp","href":"https:\/\/api.w.org\/{rel}","templated":true}]}}