{"id":115,"date":"2017-05-17T16:03:57","date_gmt":"2017-05-17T13:03:57","guid":{"rendered":"http:\/\/herdeks.com.tr\/magaza\/?post_type=product&#038;p=115"},"modified":"2025-05-23T11:55:54","modified_gmt":"2025-05-23T08:55:54","slug":"kulak-ameliyat-bandi","status":"publish","type":"product","link":"http:\/\/herdeks.com.tr\/magaza\/urun\/kulak-ameliyat-bandi\/","title":{"rendered":"Kulak Ameliyat Band\u0131"},"content":{"rendered":"<p><strong>KULLANIM \u015eEKL\u0130<\/strong><br \/>\nAmeliyatl\u0131 b\u00f6lgeye pansuman yap\u0131ld\u0131ktan sonra yara \u00fczerine gazl\u0131 bez konularak k\u0131sa kol ensede diki\u015fli bombeli k\u0131s\u0131m kep\u00e7eye gelecek \u015fekilde konularak uzun kol aln\u0131n \u00fczerinden gerdirilerek di\u011fer kulak kep\u00e7esinin hemen \u00fcst\u00fcnden ge\u00e7erek k\u0131sa erkek kolla uzun di\u015fi kol vekralar\u0131 \u00fcst \u00fcste konarak \u00fczerine s\u0131k\u0131ca bas\u0131larak birle\u015ftirilir. \u0130ki tarafa \u00e7evrilerek sa\u011f ve sol kulak i\u00e7in band\u0131n iki y\u00fcz\u00fc de kullan\u0131labilmektedir. \u0130ki boy \u00fcretilmektedir kafa ve kep\u00e7e b\u00fcy\u00fckl\u00fc\u011f\u00fcne g\u00f6re ( M ) \u2013 ( L ) \u00c7OCUK-B\u00dcY\u00dcK ler i\u00e7in \u00fcretilmi\u015ftir. \u0130ki, \u00fc\u00e7 g\u00fcn kullan\u0131l\u0131r.<\/p>\n<p><strong>UYARI<\/strong><br \/>\nKirlendi\u011finde de\u011fi\u015ftirilir. Bir ba\u015fka hastaya kullan\u0131lamaz.\u00a0UBB ve Sa\u011fl\u0131k Bakanl\u0131\u011f\u0131 onay\u0131 mevcuttur.<\/p>\n","protected":false},"excerpt":{"rendered":"<p>Kulak ameliyatlar\u0131ndan sonra ameliyatl\u0131 b\u00f6lge i\u00e7in sarg\u0131 bezi yerine az bir miktar gazl\u0131 bez konarak esnek yap\u0131daki kulak ameliyat band\u0131 kullan\u0131labilir. G\u00fcn\u00fcm\u00fczde kulak ameliyatlar\u0131ndan sonra ameliyatl\u0131 b\u00f6lge \u00fczerinde 18 ile 25 metre aras\u0131nda de\u011fi\u015fen uzunlukta gazl\u0131 bez kullan\u0131lmakta ve ameliyatl\u0131 b\u00f6lgeye pansuman yap\u0131ld\u0131ktan sonra yine ayn\u0131 \u015fekilde yaran\u0131n \u00fczeri gazl\u0131 bez sarg\u0131 bezi ile sar\u0131lmaktad\u0131r. Bu i\u015flemler hem hasta hem doktor i\u00e7in uzun zaman ald\u0131\u011f\u0131 gibi; sarg\u0131 i\u015flemi, sarg\u0131 bezinin gerdirilmesi ile yap\u0131ld\u0131\u011f\u0131 i\u00e7in hastan\u0131n kafas\u0131nda bir bask\u0131 olu\u015fturmaktad\u0131r. <strong>Belirtilen bu dezavantajlar\u0131n \u00fcstesinden gelebilen kulak ameliyat band\u0131 sayesinde hasta iyile\u015fme d\u00f6neminidaha h\u0131zl\u0131 ve daha rahat\u00a0ge\u00e7irebilir.<\/strong><\/p>\n","protected":false},"featured_media":1083,"comment_status":"closed","ping_status":"closed","template":"","meta":[],"class_list":["post-115","product","type-product","status-publish","has-post-thumbnail","hentry","product_cat-saglikli-yasam-urunleri","pa_boy-large","pa_boy-medium","pa_renk-bej"],"yoast_head":"<!-- This site is optimized with the Yoast SEO plugin v25.3.1 - https:\/\/yoast.com\/wordpress\/plugins\/seo\/ -->\n<title>Kulak Ameliyat Band\u0131 - Herdeks Magaza<\/title>\n<meta name=\"robots\" content=\"index, follow, max-snippet:-1, max-image-preview:large, max-video-preview:-1\" \/>\n<link rel=\"canonical\" href=\"https:\/\/herdeks.com.tr\/magaza\/urun\/kulak-ameliyat-bandi\/\" \/>\n<meta property=\"og:locale\" content=\"tr_TR\" \/>\n<meta property=\"og:type\" content=\"article\" \/>\n<meta property=\"og:title\" content=\"Kulak Ameliyat Band\u0131 - Herdeks Magaza\" \/>\n<meta property=\"og:description\" content=\"Kulak ameliyatlar\u0131ndan sonra ameliyatl\u0131 b\u00f6lge i\u00e7in sarg\u0131 bezi yerine az bir miktar gazl\u0131 bez konarak esnek yap\u0131daki kulak ameliyat band\u0131 kullan\u0131labilir. G\u00fcn\u00fcm\u00fczde kulak ameliyatlar\u0131ndan sonra ameliyatl\u0131 b\u00f6lge \u00fczerinde 18 ile 25 metre aras\u0131nda de\u011fi\u015fen uzunlukta gazl\u0131 bez kullan\u0131lmakta ve ameliyatl\u0131 b\u00f6lgeye pansuman yap\u0131ld\u0131ktan sonra yine ayn\u0131 \u015fekilde yaran\u0131n \u00fczeri gazl\u0131 bez sarg\u0131 bezi ile sar\u0131lmaktad\u0131r. Bu i\u015flemler hem hasta hem doktor i\u00e7in uzun zaman ald\u0131\u011f\u0131 gibi; sarg\u0131 i\u015flemi, sarg\u0131 bezinin gerdirilmesi ile yap\u0131ld\u0131\u011f\u0131 i\u00e7in hastan\u0131n kafas\u0131nda bir bask\u0131 olu\u015fturmaktad\u0131r. Belirtilen bu dezavantajlar\u0131n \u00fcstesinden gelebilen kulak ameliyat band\u0131 sayesinde hasta iyile\u015fme d\u00f6neminidaha h\u0131zl\u0131 ve daha rahat\u00a0ge\u00e7irebilir.\" \/>\n<meta property=\"og:url\" content=\"https:\/\/herdeks.com.tr\/magaza\/urun\/kulak-ameliyat-bandi\/\" \/>\n<meta property=\"og:site_name\" content=\"Herdeks Magaza\" \/>\n<meta property=\"article:modified_time\" content=\"2025-05-23T08:55:54+00:00\" \/>\n<meta property=\"og:image\" content=\"https:\/\/herdeks.com.tr\/magaza\/wp-content\/uploads\/2017\/05\/Herdeks-Kutu-\u00f6n-03.jpg\" \/>\n\t<meta property=\"og:image:width\" content=\"1181\" \/>\n\t<meta property=\"og:image:height\" content=\"1890\" \/>\n\t<meta property=\"og:image:type\" content=\"image\/jpeg\" \/>\n<meta name=\"twitter:card\" content=\"summary_large_image\" \/>\n<meta name=\"twitter:label1\" content=\"Tahmini okuma s\u00fcresi\" \/>\n\t<meta name=\"twitter:data1\" content=\"1 dakika\" \/>\n<script type=\"application\/ld+json\" class=\"yoast-schema-graph\">{\"@context\":\"https:\/\/schema.org\",\"@graph\":[{\"@type\":\"WebPage\",\"@id\":\"https:\/\/herdeks.com.tr\/magaza\/urun\/kulak-ameliyat-bandi\/\",\"url\":\"https:\/\/herdeks.com.tr\/magaza\/urun\/kulak-ameliyat-bandi\/\",\"name\":\"Kulak Ameliyat Band\u0131 - Herdeks Magaza\",\"isPartOf\":{\"@id\":\"http:\/\/herdeks.com.tr\/magaza\/#website\"},\"primaryImageOfPage\":{\"@id\":\"https:\/\/herdeks.com.tr\/magaza\/urun\/kulak-ameliyat-bandi\/#primaryimage\"},\"image\":{\"@id\":\"https:\/\/herdeks.com.tr\/magaza\/urun\/kulak-ameliyat-bandi\/#primaryimage\"},\"thumbnailUrl\":\"http:\/\/herdeks.com.tr\/magaza\/wp-content\/uploads\/2017\/05\/Herdeks-Kutu-\u00f6n-03.jpg\",\"datePublished\":\"2017-05-17T13:03:57+00:00\",\"dateModified\":\"2025-05-23T08:55:54+00:00\",\"breadcrumb\":{\"@id\":\"https:\/\/herdeks.com.tr\/magaza\/urun\/kulak-ameliyat-bandi\/#breadcrumb\"},\"inLanguage\":\"tr\",\"potentialAction\":[{\"@type\":\"ReadAction\",\"target\":[\"https:\/\/herdeks.com.tr\/magaza\/urun\/kulak-ameliyat-bandi\/\"]}]},{\"@type\":\"ImageObject\",\"inLanguage\":\"tr\",\"@id\":\"https:\/\/herdeks.com.tr\/magaza\/urun\/kulak-ameliyat-bandi\/#primaryimage\",\"url\":\"http:\/\/herdeks.com.tr\/magaza\/wp-content\/uploads\/2017\/05\/Herdeks-Kutu-\u00f6n-03.jpg\",\"contentUrl\":\"http:\/\/herdeks.com.tr\/magaza\/wp-content\/uploads\/2017\/05\/Herdeks-Kutu-\u00f6n-03.jpg\",\"width\":1181,\"height\":1890},{\"@type\":\"BreadcrumbList\",\"@id\":\"https:\/\/herdeks.com.tr\/magaza\/urun\/kulak-ameliyat-bandi\/#breadcrumb\",\"itemListElement\":[{\"@type\":\"ListItem\",\"position\":1,\"name\":\"Ana sayfa\",\"item\":\"http:\/\/herdeks.com.tr\/magaza\/\"},{\"@type\":\"ListItem\",\"position\":2,\"name\":\"Ma\u011faza\",\"item\":\"http:\/\/herdeks.com.tr\/magaza\/\"},{\"@type\":\"ListItem\",\"position\":3,\"name\":\"Kulak Ameliyat Band\u0131\"}]},{\"@type\":\"WebSite\",\"@id\":\"http:\/\/herdeks.com.tr\/magaza\/#website\",\"url\":\"http:\/\/herdeks.com.tr\/magaza\/\",\"name\":\"Herdeks Magaza\",\"description\":\"Sa\u011fl\u0131kl\u0131 Ya\u015fam \u00dcr\u00fcnleri\",\"publisher\":{\"@id\":\"http:\/\/herdeks.com.tr\/magaza\/#organization\"},\"potentialAction\":[{\"@type\":\"SearchAction\",\"target\":{\"@type\":\"EntryPoint\",\"urlTemplate\":\"http:\/\/herdeks.com.tr\/magaza\/?s={search_term_string}\"},\"query-input\":{\"@type\":\"PropertyValueSpecification\",\"valueRequired\":true,\"valueName\":\"search_term_string\"}}],\"inLanguage\":\"tr\"},{\"@type\":\"Organization\",\"@id\":\"http:\/\/herdeks.com.tr\/magaza\/#organization\",\"name\":\"Herdeks Magaza\",\"url\":\"http:\/\/herdeks.com.tr\/magaza\/\",\"logo\":{\"@type\":\"ImageObject\",\"inLanguage\":\"tr\",\"@id\":\"http:\/\/herdeks.com.tr\/magaza\/#\/schema\/logo\/image\/\",\"url\":\"http:\/\/herdeks.com.tr\/magaza\/wp-content\/uploads\/2017\/05\/Herdeks-Logo-2.png\",\"contentUrl\":\"http:\/\/herdeks.com.tr\/magaza\/wp-content\/uploads\/2017\/05\/Herdeks-Logo-2.png\",\"width\":270,\"height\":72,\"caption\":\"Herdeks Magaza\"},\"image\":{\"@id\":\"http:\/\/herdeks.com.tr\/magaza\/#\/schema\/logo\/image\/\"}}]}<\/script>\n<!-- \/ Yoast SEO plugin. -->","yoast_head_json":{"title":"Kulak Ameliyat Band\u0131 - Herdeks Magaza","robots":{"index":"index","follow":"follow","max-snippet":"max-snippet:-1","max-image-preview":"max-image-preview:large","max-video-preview":"max-video-preview:-1"},"canonical":"https:\/\/herdeks.com.tr\/magaza\/urun\/kulak-ameliyat-bandi\/","og_locale":"tr_TR","og_type":"article","og_title":"Kulak Ameliyat Band\u0131 - Herdeks Magaza","og_description":"Kulak ameliyatlar\u0131ndan sonra ameliyatl\u0131 b\u00f6lge i\u00e7in sarg\u0131 bezi yerine az bir miktar gazl\u0131 bez konarak esnek yap\u0131daki kulak ameliyat band\u0131 kullan\u0131labilir. G\u00fcn\u00fcm\u00fczde kulak ameliyatlar\u0131ndan sonra ameliyatl\u0131 b\u00f6lge \u00fczerinde 18 ile 25 metre aras\u0131nda de\u011fi\u015fen uzunlukta gazl\u0131 bez kullan\u0131lmakta ve ameliyatl\u0131 b\u00f6lgeye pansuman yap\u0131ld\u0131ktan sonra yine ayn\u0131 \u015fekilde yaran\u0131n \u00fczeri gazl\u0131 bez sarg\u0131 bezi ile sar\u0131lmaktad\u0131r. Bu i\u015flemler hem hasta hem doktor i\u00e7in uzun zaman ald\u0131\u011f\u0131 gibi; sarg\u0131 i\u015flemi, sarg\u0131 bezinin gerdirilmesi ile yap\u0131ld\u0131\u011f\u0131 i\u00e7in hastan\u0131n kafas\u0131nda bir bask\u0131 olu\u015fturmaktad\u0131r. Belirtilen bu dezavantajlar\u0131n \u00fcstesinden gelebilen kulak ameliyat band\u0131 sayesinde hasta iyile\u015fme d\u00f6neminidaha h\u0131zl\u0131 ve daha rahat\u00a0ge\u00e7irebilir.","og_url":"https:\/\/herdeks.com.tr\/magaza\/urun\/kulak-ameliyat-bandi\/","og_site_name":"Herdeks Magaza","article_modified_time":"2025-05-23T08:55:54+00:00","og_image":[{"width":1181,"height":1890,"url":"https:\/\/herdeks.com.tr\/magaza\/wp-content\/uploads\/2017\/05\/Herdeks-Kutu-\u00f6n-03.jpg","type":"image\/jpeg"}],"twitter_card":"summary_large_image","twitter_misc":{"Tahmini okuma s\u00fcresi":"1 dakika"},"schema":{"@context":"https:\/\/schema.org","@graph":[{"@type":"WebPage","@id":"https:\/\/herdeks.com.tr\/magaza\/urun\/kulak-ameliyat-bandi\/","url":"https:\/\/herdeks.com.tr\/magaza\/urun\/kulak-ameliyat-bandi\/","name":"Kulak Ameliyat Band\u0131 - Herdeks Magaza","isPartOf":{"@id":"http:\/\/herdeks.com.tr\/magaza\/#website"},"primaryImageOfPage":{"@id":"https:\/\/herdeks.com.tr\/magaza\/urun\/kulak-ameliyat-bandi\/#primaryimage"},"image":{"@id":"https:\/\/herdeks.com.tr\/magaza\/urun\/kulak-ameliyat-bandi\/#primaryimage"},"thumbnailUrl":"http:\/\/herdeks.com.tr\/magaza\/wp-content\/uploads\/2017\/05\/Herdeks-Kutu-\u00f6n-03.jpg","datePublished":"2017-05-17T13:03:57+00:00","dateModified":"2025-05-23T08:55:54+00:00","breadcrumb":{"@id":"https:\/\/herdeks.com.tr\/magaza\/urun\/kulak-ameliyat-bandi\/#breadcrumb"},"inLanguage":"tr","potentialAction":[{"@type":"ReadAction","target":["https:\/\/herdeks.com.tr\/magaza\/urun\/kulak-ameliyat-bandi\/"]}]},{"@type":"ImageObject","inLanguage":"tr","@id":"https:\/\/herdeks.com.tr\/magaza\/urun\/kulak-ameliyat-bandi\/#primaryimage","url":"http:\/\/herdeks.com.tr\/magaza\/wp-content\/uploads\/2017\/05\/Herdeks-Kutu-\u00f6n-03.jpg","contentUrl":"http:\/\/herdeks.com.tr\/magaza\/wp-content\/uploads\/2017\/05\/Herdeks-Kutu-\u00f6n-03.jpg","width":1181,"height":1890},{"@type":"BreadcrumbList","@id":"https:\/\/herdeks.com.tr\/magaza\/urun\/kulak-ameliyat-bandi\/#breadcrumb","itemListElement":[{"@type":"ListItem","position":1,"name":"Ana sayfa","item":"http:\/\/herdeks.com.tr\/magaza\/"},{"@type":"ListItem","position":2,"name":"Ma\u011faza","item":"http:\/\/herdeks.com.tr\/magaza\/"},{"@type":"ListItem","position":3,"name":"Kulak Ameliyat Band\u0131"}]},{"@type":"WebSite","@id":"http:\/\/herdeks.com.tr\/magaza\/#website","url":"http:\/\/herdeks.com.tr\/magaza\/","name":"Herdeks Magaza","description":"Sa\u011fl\u0131kl\u0131 Ya\u015fam \u00dcr\u00fcnleri","publisher":{"@id":"http:\/\/herdeks.com.tr\/magaza\/#organization"},"potentialAction":[{"@type":"SearchAction","target":{"@type":"EntryPoint","urlTemplate":"http:\/\/herdeks.com.tr\/magaza\/?s={search_term_string}"},"query-input":{"@type":"PropertyValueSpecification","valueRequired":true,"valueName":"search_term_string"}}],"inLanguage":"tr"},{"@type":"Organization","@id":"http:\/\/herdeks.com.tr\/magaza\/#organization","name":"Herdeks Magaza","url":"http:\/\/herdeks.com.tr\/magaza\/","logo":{"@type":"ImageObject","inLanguage":"tr","@id":"http:\/\/herdeks.com.tr\/magaza\/#\/schema\/logo\/image\/","url":"http:\/\/herdeks.com.tr\/magaza\/wp-content\/uploads\/2017\/05\/Herdeks-Logo-2.png","contentUrl":"http:\/\/herdeks.com.tr\/magaza\/wp-content\/uploads\/2017\/05\/Herdeks-Logo-2.png","width":270,"height":72,"caption":"Herdeks Magaza"},"image":{"@id":"http:\/\/herdeks.com.tr\/magaza\/#\/schema\/logo\/image\/"}}]}},"_links":{"self":[{"href":"http:\/\/herdeks.com.tr\/magaza\/wp-json\/wp\/v2\/product\/115","targetHints":{"allow":["GET"]}}],"collection":[{"href":"http:\/\/herdeks.com.tr\/magaza\/wp-json\/wp\/v2\/product"}],"about":[{"href":"http:\/\/herdeks.com.tr\/magaza\/wp-json\/wp\/v2\/types\/product"}],"replies":[{"embeddable":true,"href":"http:\/\/herdeks.com.tr\/magaza\/wp-json\/wp\/v2\/comments?post=115"}],"wp:featuredmedia":[{"embeddable":true,"href":"http:\/\/herdeks.com.tr\/magaza\/wp-json\/wp\/v2\/media\/1083"}],"wp:attachment":[{"href":"http:\/\/herdeks.com.tr\/magaza\/wp-json\/wp\/v2\/media?parent=115"}],"curies":[{"name":"wp","href":"https:\/\/api.w.org\/{rel}","templated":true}]}}