{"version":"1.0","provider_name":"Herdeks Magaza","provider_url":"http:\/\/herdeks.com.tr\/magaza","author_name":"Berna Danaci","author_url":"http:\/\/herdeks.com.tr\/magaza\/author\/berna-danaci\/","title":"Kep\u00e7e Kulak Ameliyat Band\u0131 - Herdeks Magaza","type":"rich","width":600,"height":338,"html":"<blockquote class=\"wp-embedded-content\" data-secret=\"xTtt1x6oDw\"><a href=\"http:\/\/herdeks.com.tr\/magaza\/urun\/kepce-kulak-ameliyat-bandi\/\">Kep\u00e7e Kulak Ameliyat Band\u0131<\/a><\/blockquote><iframe sandbox=\"allow-scripts\" security=\"restricted\" src=\"http:\/\/herdeks.com.tr\/magaza\/urun\/kepce-kulak-ameliyat-bandi\/embed\/#?secret=xTtt1x6oDw\" width=\"600\" height=\"338\" title=\"&#8220;Kep\u00e7e Kulak Ameliyat Band\u0131&#8221; &#8212; Herdeks Magaza\" data-secret=\"xTtt1x6oDw\" frameborder=\"0\" marginwidth=\"0\" marginheight=\"0\" scrolling=\"no\" class=\"wp-embedded-content\"><\/iframe><script type=\"text\/javascript\">\n\/* <![CDATA[ *\/\n\/*! This file is auto-generated *\/\n!function(d,l){\"use strict\";l.querySelector&&d.addEventListener&&\"undefined\"!=typeof URL&&(d.wp=d.wp||{},d.wp.receiveEmbedMessage||(d.wp.receiveEmbedMessage=function(e){var t=e.data;if((t||t.secret||t.message||t.value)&&!\/[^a-zA-Z0-9]\/.test(t.secret)){for(var s,r,n,a=l.querySelectorAll('iframe[data-secret=\"'+t.secret+'\"]'),o=l.querySelectorAll('blockquote[data-secret=\"'+t.secret+'\"]'),c=new RegExp(\"^https?:$\",\"i\"),i=0;i<o.length;i++)o[i].style.display=\"none\";for(i=0;i<a.length;i++)s=a[i],e.source===s.contentWindow&&(s.removeAttribute(\"style\"),\"height\"===t.message?(1e3<(r=parseInt(t.value,10))?r=1e3:~~r<200&&(r=200),s.height=r):\"link\"===t.message&&(r=new URL(s.getAttribute(\"src\")),n=new URL(t.value),c.test(n.protocol))&&n.host===r.host&&l.activeElement===s&&(d.top.location.href=t.value))}},d.addEventListener(\"message\",d.wp.receiveEmbedMessage,!1),l.addEventListener(\"DOMContentLoaded\",function(){for(var e,t,s=l.querySelectorAll(\"iframe.wp-embedded-content\"),r=0;r<s.length;r++)(t=(e=s[r]).getAttribute(\"data-secret\"))||(t=Math.random().toString(36).substring(2,12),e.src+=\"#?secret=\"+t,e.setAttribute(\"data-secret\",t)),e.contentWindow.postMessage({message:\"ready\",secret:t},\"*\")},!1)))}(window,document);\n\/\/# sourceURL=http:\/\/herdeks.com.tr\/magaza\/wp-includes\/js\/wp-embed.min.js\n\/* ]]> *\/\n<\/script>\n","thumbnail_url":"https:\/\/herdeks.com.tr\/magaza\/wp-content\/uploads\/2018\/07\/Kep\u00e7e-kulak-yan.jpg","thumbnail_width":2000,"thumbnail_height":3008,"description":"\u0130ki y\u00fczeyinde bej renkte (ten rengi) jarse bulunan esnek yap\u0131daki neoplenden imal edilmektedir. Erkek velcra, Di\u015fi velcra, Diki\u015fli boyun b\u00f6lgesi, k\u0131sa kol ve iki par\u00e7al\u0131 uzun koldan meydana gelmi\u015ftir. Parotis ameliyatlar\u0131ndan sonra ameliyatl\u0131 b\u00f6lgeyi d\u0131\u015f etkilerden korumaya yard\u0131mc\u0131 olur. Doktor, hem\u015fire gereken s\u0131k\u0131l\u0131\u011f\u0131 (bas\u0131nc\u0131) ayarlamakta sorun ya\u015famaz. \u00d6zel dizayn\u0131 ile uyguland\u0131\u011f\u0131 b\u00f6lgede kayma olmaz \u00e7\u00fcnk\u00fc uzun kol ba\u015fta iki par\u00e7aya ayr\u0131l\u0131r buda hastaya rahatl\u0131k saglar. \u00dczerinde bulunan velcrolar sayesinde istenildi\u011fi zaman \u00e7\u0131kart\u0131l\u0131p, pansuman yap\u0131l\u0131p istenildi\u011fi zaman tak\u0131labilmektedir B\u00f6ylece uzun s\u00fcreli tedavilerde rahatl\u0131kla kullan\u0131labilmektedir. Tek bir tedavi s\u00fcrecine bir \u00fcr\u00fcn yeterlidir. \u0130ki tarafa \u00e7evrilerek sa\u011f ve sol i\u00e7in band\u0131n iki y\u00fcz\u00fcle kullan\u0131labilir. Uygun geometrik \u015fekillerde makinelerde ve preslerde kesilen esnek yap\u0131daki bir g\u00f6vde \u00fczerinde bulunan kesiklerin diki\u015f iplikleri ile birle\u015ftirilmesi sonucu olu\u015fan bombesi bulunan, sabitlemeyi sa\u011flayan uzun ve k\u0131sa kollardan meydana gelmi\u015ftir. NASIL KULLANILIR? Ameliyatl\u0131 b\u00f6lgeye pansuman yap\u0131ld\u0131ktan sonra yara \u00fczerine gazl\u0131 bez konularak diki\u015fli bombeli k\u0131s\u0131m yara \u00fczerine getirilir k\u0131sa kol boynun alt\u0131ndan ge\u00e7irilirek yanakta tutulur ve uzunkol kafa \u00fczerinden doland\u0131r\u0131l\u0131rken ikiye ay\u0131r\u0131p a\u015fag\u0131dan gelen k\u0131sa kolla uzun kol vekralar\u0131 \u00fcst \u00fcste konarak \u00fczerine s\u0131k\u0131ca bas\u0131larak birle\u015ftirilir. \u0130ki tarafa \u00e7evrilerek SAG ve SOL parotis i\u00e7in band\u0131n iki y\u00fcz\u00fc de kullan\u0131labilmektedir. kafa b\u00fcy\u00fckl\u00fc\u011f\u00fcne g\u00f6re \u00fcretilmi\u015ftir. Kirlendi\u011finde de\u015ftirilir. Bir ba\u015fka hastaya kullan\u0131lamaz. Ambalaj:\u00a0Jel\u00e2tinli siteril edilebilir po\u015fet"}